{"id":3755,"date":"2024-11-02T11:36:05","date_gmt":"2024-11-02T10:36:05","guid":{"rendered":"https:\/\/conciergerie-immobiliere.fr\/?post_type=mphb_room_type&#038;p=3755"},"modified":"2026-03-27T16:55:20","modified_gmt":"2026-03-27T15:55:20","slug":"celeste102","status":"publish","type":"mphb_room_type","link":"https:\/\/conciergerie-immobiliere.fr\/index.php\/accommodation\/celeste102\/","title":{"rendered":"Appartement 6 personnes au c\u0153ur de Valmeinier &#8211; C\u00e9leste 102"},"content":{"rendered":"<div id=\"property-description\" class=\"MoreOrLess MoreOrLess--block\">\n<div class=\"CollapseBase CollapseBase--expanded\">\n<div class=\"CollapseBase__content\">\n<div class=\"collapsible-content__body-text u-freetext-fix\">\n<p>Situ\u00e9 au c\u0153ur de Valmeinier 1800, cet appartement de standing de 59m2 vous offre tout le confort et le calme n\u00e9cessaire pour savourer pleinement vos vacances en famille ou entre amis \u00e0 la montagne. Avec sa d\u00e9coration moderne et chaleureuse, vous appr\u00e9cierez particuli\u00e8rement son emplacement et la vue d\u00e9gag\u00e9e sur la chaine du Mont-Thabor.<\/p>\n<p>&nbsp;<\/p>\n<\/div>\n<h4>L&rsquo;appartement se compose comme suit:<\/h4>\n<ul>\n<li style=\"list-style-type: none;\">\n<ul>\n<li>Grande pi\u00e8ce de vie avec un coin cuisine\/salle \u00e0 manger<\/li>\n<li>Cuisine enti\u00e8rement \u00e9quip\u00e9e: plaque \u00e0 induction, four encastr\u00e9, frigo, bouilloire, machine \u00e0 caf\u00e9 Nespresso, lave vaisselle, appareil \u00e0 raclette, verres \u00e0 pied<\/li>\n<li>Espace salon avec TV \u00e9cran plat &amp; barre de son, canap\u00e9-lit, ainsi qu&rsquo;un acc\u00e8s au balcon de 6m2<\/li>\n<li>Balcon expos\u00e9 Ouest \u00e9quip\u00e9 d&rsquo;une table et 6 chaises<\/li>\n<li>Une chambre avec un grand lit double (160&#215;200) et un placard encastr\u00e9<\/li>\n<li>Une deuxi\u00e8me chambre avec un lit gigogne (90&#215;200) et un placard encastr\u00e9<\/li>\n<li>Une salle de bain avec baignoire et WC, ainsi qu&rsquo;un s\u00e8che serviette<\/li>\n<li>Un WC ind\u00e9pendant<\/li>\n<li>Wifi<\/li>\n<li>Volets roulants \u00e9lectriques dans les chambres et dans le salon<\/li>\n<li>Chauffage au sol<\/li>\n<li>Acc\u00e8s au sauna de la r\u00e9sidence<\/li>\n<\/ul>\n<\/li>\n<\/ul>\n<p>&nbsp;<\/p>\n<\/div>\n<\/div>\n<\/div>\n<p>Vous aurez \u00e9galement \u00e0 votre disposition dans la r\u00e9sidence un garage ferm\u00e9 dans le parking couvert priv\u00e9 de la r\u00e9sidence ainsi qu&rsquo;un casier \u00e0 ski. La r\u00e9sidence est \u00e9quip\u00e9e d&rsquo;un ascenseur.<\/p>\n<p>Id\u00e9alement situ\u00e9, l&rsquo;appartement se trouve \u00e0 100m des pistes et des premi\u00e8res remont\u00e9es m\u00e9caniques. Restaurants, commerces et d\u00e9part des navettes gratuites se trouvent \u00e0 deux pas de la r\u00e9sidence.<\/p>\n<p>L&rsquo;appartement est non-fumeur et les animaux de compagnie ne sont pas admis.<\/p>\n<p>De plus, nous vous proposons la location du linge d&rsquo;\u00e9quipements pour b\u00e9b\u00e9.<br \/>\nLe m\u00e9nage ainsi que les draps sont inclus dans le prix de la location.<\/p>\n<p>&nbsp;<\/p>\n<p><i>De plus, vous b\u00e9n\u00e9ficiez d&rsquo;un tarif pr\u00e9f\u00e9rentiel sur la location de vos \u00e9quipements et mat\u00e9riels de ski.<\/i><\/p>\n<p>Retrouvez tous nos appartements et chalets disponibles \u00e0 la location ici:\u00a0<a href=\"https:\/\/conciergerie-immobiliere.fr\/index.php\/nos-locations\/\">Nos locations<\/a><\/p>\n","protected":false},"excerpt":{"rendered":"<p>Situ\u00e9 au c\u0153ur de Valmeinier 1800, cet appartement de standing de 59m2 vous offre tout le confort et le calme n\u00e9cessaire pour savourer pleinement vos vacances en famille ou entre amis \u00e0 la montagne. Avec sa d\u00e9coration moderne et chaleureuse, vous appr\u00e9cierez particuli\u00e8rement son emplacement et la vue d\u00e9gag\u00e9e sur la chaine du Mont-Thabor. &nbsp; [&hellip;]<\/p>\n","protected":false},"featured_media":3771,"menu_order":0,"comment_status":"closed","ping_status":"closed","template":"","mphb_room_type_category":[29],"mphb_room_type_tag":[],"mphb_room_type_facility":[31,30,36,35,106,25,24],"aioseo_notices":[],"_links":{"self":[{"href":"https:\/\/conciergerie-immobiliere.fr\/index.php\/wp-json\/wp\/v2\/mphb_room_type\/3755"}],"collection":[{"href":"https:\/\/conciergerie-immobiliere.fr\/index.php\/wp-json\/wp\/v2\/mphb_room_type"}],"about":[{"href":"https:\/\/conciergerie-immobiliere.fr\/index.php\/wp-json\/wp\/v2\/types\/mphb_room_type"}],"replies":[{"embeddable":true,"href":"https:\/\/conciergerie-immobiliere.fr\/index.php\/wp-json\/wp\/v2\/comments?post=3755"}],"wp:featuredmedia":[{"embeddable":true,"href":"https:\/\/conciergerie-immobiliere.fr\/index.php\/wp-json\/wp\/v2\/media\/3771"}],"wp:attachment":[{"href":"https:\/\/conciergerie-immobiliere.fr\/index.php\/wp-json\/wp\/v2\/media?parent=3755"}],"wp:term":[{"taxonomy":"mphb_room_type_category","embeddable":true,"href":"https:\/\/conciergerie-immobiliere.fr\/index.php\/wp-json\/wp\/v2\/mphb_room_type_category?post=3755"},{"taxonomy":"mphb_room_type_tag","embeddable":true,"href":"https:\/\/conciergerie-immobiliere.fr\/index.php\/wp-json\/wp\/v2\/mphb_room_type_tag?post=3755"},{"taxonomy":"mphb_room_type_facility","embeddable":true,"href":"https:\/\/conciergerie-immobiliere.fr\/index.php\/wp-json\/wp\/v2\/mphb_room_type_facility?post=3755"}],"curies":[{"name":"wp","href":"https:\/\/api.w.org\/{rel}","templated":true}]}}